{"version":"1.0","provider_name":"Apaiser S&amp;C","provider_url":"https:\/\/apaiser.org\/newsite","author_name":"fpiriou","author_url":"https:\/\/apaiser.org\/newsite\/author\/fpiriou\/","title":"Sant\u00e9 : une rentr\u00e9e contrast\u00e9e - Apaiser S&amp;C","type":"rich","width":600,"height":338,"html":"<blockquote class=\"wp-embedded-content\" data-secret=\"nxPuo8VtJa\"><a href=\"https:\/\/apaiser.org\/newsite\/2026\/09\/02\/sante-une-rentree-contrastee\/\">Sant\u00e9 : une rentr\u00e9e contrast\u00e9e<\/a><\/blockquote><iframe sandbox=\"allow-scripts\" security=\"restricted\" src=\"https:\/\/apaiser.org\/newsite\/2026\/09\/02\/sante-une-rentree-contrastee\/embed\/#?secret=nxPuo8VtJa\" width=\"600\" height=\"338\" title=\"\u00ab\u00a0Sant\u00e9 : une rentr\u00e9e contrast\u00e9e\u00a0\u00bb &#8212; Apaiser S&amp;C\" data-secret=\"nxPuo8VtJa\" frameborder=\"0\" marginwidth=\"0\" marginheight=\"0\" scrolling=\"no\" class=\"wp-embedded-content\"><\/iframe><script>\n\/*! This file is auto-generated *\/\n!function(d,l){\"use strict\";l.querySelector&&d.addEventListener&&\"undefined\"!=typeof URL&&(d.wp=d.wp||{},d.wp.receiveEmbedMessage||(d.wp.receiveEmbedMessage=function(e){var t=e.data;if((t||t.secret||t.message||t.value)&&!\/[^a-zA-Z0-9]\/.test(t.secret)){for(var s,r,n,a=l.querySelectorAll('iframe[data-secret=\"'+t.secret+'\"]'),o=l.querySelectorAll('blockquote[data-secret=\"'+t.secret+'\"]'),c=new RegExp(\"^https?:$\",\"i\"),i=0;i<o.length;i++)o[i].style.display=\"none\";for(i=0;i<a.length;i++)s=a[i],e.source===s.contentWindow&&(s.removeAttribute(\"style\"),\"height\"===t.message?(1e3<(r=parseInt(t.value,10))?r=1e3:~~r<200&&(r=200),s.height=r):\"link\"===t.message&&(r=new URL(s.getAttribute(\"src\")),n=new URL(t.value),c.test(n.protocol))&&n.host===r.host&&l.activeElement===s&&(d.top.location.href=t.value))}},d.addEventListener(\"message\",d.wp.receiveEmbedMessage,!1),l.addEventListener(\"DOMContentLoaded\",function(){for(var e,t,s=l.querySelectorAll(\"iframe.wp-embedded-content\"),r=0;r<s.length;r++)(t=(e=s[r]).getAttribute(\"data-secret\"))||(t=Math.random().toString(36).substring(2,12),e.src+=\"#?secret=\"+t,e.setAttribute(\"data-secret\",t)),e.contentWindow.postMessage({message:\"ready\",secret:t},\"*\")},!1)))}(window,document);\n\/\/# sourceURL=https:\/\/apaiser.org\/newsite\/wp-includes\/js\/wp-embed.min.js\n<\/script>\n","thumbnail_url":"http:\/\/apaiser.org\/newsite\/wp-content\/uploads\/2026\/09\/rentree26.jpg","thumbnail_width":768,"thumbnail_height":384,"description":"Si l'\u00e9t\u00e9 2026 a \u00e9t\u00e9 marqu\u00e9 par la promulgation de la loi sur la fin de vie soutenue par APAISER S&C, plusieurs d\u00e9cisions moins spectaculaires apparaissent suseptibles d\u2019avoir des cons\u00e9quences directes pour les assur\u00e9s. Transfert d\u2019une partie des soins dentaires vers les compl\u00e9mentaires, encadrement plus strict des arr\u00eats de travail et nouvelles r\u00e8gles concernant la carte mobilit\u00e9 inclusion : ces r\u00e9formes oscillent entre recherche d\u2019\u00e9conomies et simplification de l\u2019acc\u00e8s aux droits."}